{"id":5,"date":"2019-09-26T14:39:12","date_gmt":"2019-09-26T12:39:12","guid":{"rendered":"http:\/\/designinwp.local\/?page_id=5"},"modified":"2023-07-14T16:35:18","modified_gmt":"2023-07-14T14:35:18","slug":"designin","status":"publish","type":"page","link":"https:\/\/design-in.city\/fr\/","title":{"rendered":"Design in"},"content":{"rendered":"\r\n<h2 style=\"text-align: right;\"><a style=\"font-size: 16px;\" href=\"https:\/\/www.facebook.com\/designin.city.projet\" target=\"_blank\" rel=\"noopener\"><img loading=\"lazy\" class=\"wp-image-1710 alignright\" src=\"http:\/\/design-in.city\/wp-content\/uploads\/2021\/12\/FB-logo-300x289.png\" alt=\"\" width=\"41\" height=\"39\" srcset=\"https:\/\/design-in.city\/wp-content\/uploads\/2021\/12\/FB-logo-300x289.png 300w, https:\/\/design-in.city\/wp-content\/uploads\/2021\/12\/FB-logo.png 541w\" sizes=\"(max-width: 41px) 100vw, 41px\" \/><\/a><\/h2>\r\n<h2><strong>Soutien au d\u00e9veloppement transfrontalier de la fili\u00e8re design<\/strong><\/h2>\r\n<p>\r\n\r\n<\/p>\r\n<p>L\u2019objectif du projet DESIGN IN est de renforcer et stimuler le d\u00e9veloppement des commerces de centre-ville par l\u2019int\u00e9gration du design. Des actions concr\u00e8tes impliqueront des artisans-designers et les villes de Mons, Tournai, Courtrai et Lille M\u00e9tropole.<\/p>\r\n<h2><a href=\"http:\/\/design-in.city\/fr\/designin\/resultats\/\">&gt;&gt;&gt; R\u00e9sultats du projet<\/a><\/h2>\r\n<h2><a href=\"http:\/\/design-in.city\/wp-content\/uploads\/2022\/12\/Guide-des-bonnes-pratiques-et-dinspirations-1.pdf\" target=\"_blank\" rel=\"noopener\"><span style=\"color: #3366ff;\">Le Guide des bonnes pratiques et d&rsquo;inspirations<\/span><\/a> \u00ab\u00a0L&rsquo;attractivit\u00e9 des centres-villes par le design\u00a0\u00bb<\/h2>\r\n<p>permettra aux commerces, designers, structures d\u2019animation \u00e9conomique mais aussi aux Villes et organismes de gestion des centres-villes\u2026, de s&rsquo;inspirer de l&rsquo;exp\u00e9rience men\u00e9e dans le cadre du projet et d&rsquo;impl\u00e9menter diverses solutions sur leur propre territoire en fonction de leur situation et aspirations. Vous d\u00e9couvrirez ainsi la pr\u00e9sentation du projet et ses actions, la synth\u00e8se des r\u00e9sultats des enqu\u00eates de satisfactions et des workshops, des conseils, recommandations ainsi que les tendances et la vision globale du design et de l\u2019attractivit\u00e9 des centres-villes par le design.<\/p>\r\n<h3>A Tournai, Mons, Courtrai et en M\u00e9tropole lilloise, d\u00e9couvrez toutes les r\u00e9alisations DESIGN IN TOWN et DESIGN IN SHOPS sur <span style=\"color: #ffcc00;\"><a style=\"color: #ffcc00;\" href=\"http:\/\/www.designintown.city\" target=\"_blank\" rel=\"noopener\">www.designintown.city<\/a><\/span><\/h3>\r\n","protected":false},"excerpt":{"rendered":"<p>Soutien au d\u00e9veloppement transfrontalier de la fili\u00e8re design L\u2019objectif du projet DESIGN IN est de renforcer et stimuler le d\u00e9veloppement des commerces de centre-ville par l\u2019int\u00e9gration du<\/p>\n","protected":false},"author":1,"featured_media":0,"parent":0,"menu_order":0,"comment_status":"closed","ping_status":"closed","template":"","meta":{"_monsterinsights_skip_tracking":false,"_monsterinsights_sitenote_active":false,"_monsterinsights_sitenote_note":"","_monsterinsights_sitenote_category":0},"acf":[],"yoast_head":"<!-- This site is optimized with the Yoast SEO plugin v18.4.1 - https:\/\/yoast.com\/wordpress\/plugins\/seo\/ -->\n<title>Design in - Design&#039;In<\/title>\n<meta name=\"robots\" content=\"index, follow, max-snippet:-1, max-image-preview:large, max-video-preview:-1\" \/>\n<link rel=\"canonical\" href=\"https:\/\/design-in.city\/fr\/\" \/>\n<meta property=\"og:locale\" content=\"fr_FR\" \/>\n<meta property=\"og:type\" content=\"article\" \/>\n<meta property=\"og:title\" content=\"Design in - Design&#039;In\" \/>\n<meta property=\"og:description\" content=\"Soutien au d\u00e9veloppement transfrontalier de la fili\u00e8re design L\u2019objectif du projet DESIGN IN est de renforcer et stimuler le d\u00e9veloppement des commerces de centre-ville par l\u2019int\u00e9gration du\" \/>\n<meta property=\"og:url\" content=\"https:\/\/design-in.city\/fr\/\" \/>\n<meta property=\"og:site_name\" content=\"Design&#039;In\" \/>\n<meta property=\"article:modified_time\" content=\"2023-07-14T14:35:18+00:00\" \/>\n<meta property=\"og:image\" content=\"http:\/\/design-in.city\/wp-content\/uploads\/2021\/12\/FB-logo-300x289.png\" \/>\n<meta name=\"twitter:card\" content=\"summary_large_image\" \/>\n<meta name=\"twitter:label1\" content=\"Dur\u00e9e de lecture estim\u00e9e\" \/>\n\t<meta name=\"twitter:data1\" content=\"2 minutes\" \/>\n<script type=\"application\/ld+json\" class=\"yoast-schema-graph\">{\"@context\":\"https:\/\/schema.org\",\"@graph\":[{\"@type\":\"WebSite\",\"@id\":\"http:\/\/design-in.city\/fr\/#website\",\"url\":\"http:\/\/design-in.city\/fr\/\",\"name\":\"Design&#039;In\",\"description\":\"L\u2019objectif du projet DESIGN IN est de renforcer et stimuler le d\u00e9veloppement des commerces de centre-ville par l\u2019int\u00e9gration du design\",\"potentialAction\":[{\"@type\":\"SearchAction\",\"target\":{\"@type\":\"EntryPoint\",\"urlTemplate\":\"http:\/\/design-in.city\/fr\/?s={search_term_string}\"},\"query-input\":\"required name=search_term_string\"}],\"inLanguage\":\"fr-FR\"},{\"@type\":\"ImageObject\",\"@id\":\"https:\/\/design-in.city\/fr\/#primaryimage\",\"inLanguage\":\"fr-FR\",\"url\":\"https:\/\/design-in.city\/wp-content\/uploads\/2021\/12\/FB-logo.png\",\"contentUrl\":\"https:\/\/design-in.city\/wp-content\/uploads\/2021\/12\/FB-logo.png\",\"width\":541,\"height\":522},{\"@type\":\"WebPage\",\"@id\":\"https:\/\/design-in.city\/fr\/#webpage\",\"url\":\"https:\/\/design-in.city\/fr\/\",\"name\":\"Design in - Design&#039;In\",\"isPartOf\":{\"@id\":\"http:\/\/design-in.city\/fr\/#website\"},\"primaryImageOfPage\":{\"@id\":\"https:\/\/design-in.city\/fr\/#primaryimage\"},\"datePublished\":\"2019-09-26T12:39:12+00:00\",\"dateModified\":\"2023-07-14T14:35:18+00:00\",\"breadcrumb\":{\"@id\":\"https:\/\/design-in.city\/fr\/#breadcrumb\"},\"inLanguage\":\"fr-FR\",\"potentialAction\":[{\"@type\":\"ReadAction\",\"target\":[\"https:\/\/design-in.city\/fr\/\"]}]},{\"@type\":\"BreadcrumbList\",\"@id\":\"https:\/\/design-in.city\/fr\/#breadcrumb\",\"itemListElement\":[{\"@type\":\"ListItem\",\"position\":1,\"name\":\"Accueil\",\"item\":\"http:\/\/design-in.city\/fr\/\"},{\"@type\":\"ListItem\",\"position\":2,\"name\":\"Design in\"}]}]}<\/script>\n<!-- \/ Yoast SEO plugin. -->","yoast_head_json":{"title":"Design in - Design&#039;In","robots":{"index":"index","follow":"follow","max-snippet":"max-snippet:-1","max-image-preview":"max-image-preview:large","max-video-preview":"max-video-preview:-1"},"canonical":"https:\/\/design-in.city\/fr\/","og_locale":"fr_FR","og_type":"article","og_title":"Design in - Design&#039;In","og_description":"Soutien au d\u00e9veloppement transfrontalier de la fili\u00e8re design L\u2019objectif du projet DESIGN IN est de renforcer et stimuler le d\u00e9veloppement des commerces de centre-ville par l\u2019int\u00e9gration du","og_url":"https:\/\/design-in.city\/fr\/","og_site_name":"Design&#039;In","article_modified_time":"2023-07-14T14:35:18+00:00","og_image":[{"url":"http:\/\/design-in.city\/wp-content\/uploads\/2021\/12\/FB-logo-300x289.png"}],"twitter_card":"summary_large_image","twitter_misc":{"Dur\u00e9e de lecture estim\u00e9e":"2 minutes"},"schema":{"@context":"https:\/\/schema.org","@graph":[{"@type":"WebSite","@id":"http:\/\/design-in.city\/fr\/#website","url":"http:\/\/design-in.city\/fr\/","name":"Design&#039;In","description":"L\u2019objectif du projet DESIGN IN est de renforcer et stimuler le d\u00e9veloppement des commerces de centre-ville par l\u2019int\u00e9gration du design","potentialAction":[{"@type":"SearchAction","target":{"@type":"EntryPoint","urlTemplate":"http:\/\/design-in.city\/fr\/?s={search_term_string}"},"query-input":"required name=search_term_string"}],"inLanguage":"fr-FR"},{"@type":"ImageObject","@id":"https:\/\/design-in.city\/fr\/#primaryimage","inLanguage":"fr-FR","url":"https:\/\/design-in.city\/wp-content\/uploads\/2021\/12\/FB-logo.png","contentUrl":"https:\/\/design-in.city\/wp-content\/uploads\/2021\/12\/FB-logo.png","width":541,"height":522},{"@type":"WebPage","@id":"https:\/\/design-in.city\/fr\/#webpage","url":"https:\/\/design-in.city\/fr\/","name":"Design in - Design&#039;In","isPartOf":{"@id":"http:\/\/design-in.city\/fr\/#website"},"primaryImageOfPage":{"@id":"https:\/\/design-in.city\/fr\/#primaryimage"},"datePublished":"2019-09-26T12:39:12+00:00","dateModified":"2023-07-14T14:35:18+00:00","breadcrumb":{"@id":"https:\/\/design-in.city\/fr\/#breadcrumb"},"inLanguage":"fr-FR","potentialAction":[{"@type":"ReadAction","target":["https:\/\/design-in.city\/fr\/"]}]},{"@type":"BreadcrumbList","@id":"https:\/\/design-in.city\/fr\/#breadcrumb","itemListElement":[{"@type":"ListItem","position":1,"name":"Accueil","item":"http:\/\/design-in.city\/fr\/"},{"@type":"ListItem","position":2,"name":"Design in"}]}]}},"_links":{"self":[{"href":"https:\/\/design-in.city\/fr\/wp-json\/wp\/v2\/pages\/5"}],"collection":[{"href":"https:\/\/design-in.city\/fr\/wp-json\/wp\/v2\/pages"}],"about":[{"href":"https:\/\/design-in.city\/fr\/wp-json\/wp\/v2\/types\/page"}],"author":[{"embeddable":true,"href":"https:\/\/design-in.city\/fr\/wp-json\/wp\/v2\/users\/1"}],"replies":[{"embeddable":true,"href":"https:\/\/design-in.city\/fr\/wp-json\/wp\/v2\/comments?post=5"}],"version-history":[{"count":28,"href":"https:\/\/design-in.city\/fr\/wp-json\/wp\/v2\/pages\/5\/revisions"}],"predecessor-version":[{"id":2904,"href":"https:\/\/design-in.city\/fr\/wp-json\/wp\/v2\/pages\/5\/revisions\/2904"}],"wp:attachment":[{"href":"https:\/\/design-in.city\/fr\/wp-json\/wp\/v2\/media?parent=5"}],"curies":[{"name":"wp","href":"https:\/\/api.w.org\/{rel}","templated":true}]}}